{"version":"1.0","provider_name":"Slovenski dom in Svet slovenske nacionalne manj\u0161ine Mesta Zagreb","provider_url":"http:\/\/www.slovenci-zagreb.hr\/si","author_name":"agata","author_url":"http:\/\/www.slovenci-zagreb.hr\/si\/author\/agata\/","title":"Alpinisti\u010dni \u010detrtek z Borom Levi\u010dnikom | Slovenski dom in Svet slovenske nacionalne manj\u0161ine Mesta Zagreb","type":"rich","width":600,"height":338,"html":"<blockquote class=\"wp-embedded-content\" data-secret=\"rWNPsOVrqH\"><a href=\"http:\/\/www.slovenci-zagreb.hr\/si\/alpinisticni-cetrtek-z-borom-levicnikom\/\">Alpinisti\u010dni \u010detrtek z Borom Levi\u010dnikom<\/a><\/blockquote><iframe sandbox=\"allow-scripts\" security=\"restricted\" src=\"http:\/\/www.slovenci-zagreb.hr\/si\/alpinisticni-cetrtek-z-borom-levicnikom\/embed\/#?secret=rWNPsOVrqH\" width=\"600\" height=\"338\" title=\"&#8220;Alpinisti\u010dni \u010detrtek z Borom Levi\u010dnikom&#8221; &#8212; Slovenski dom in Svet slovenske nacionalne manj\u0161ine Mesta Zagreb\" data-secret=\"rWNPsOVrqH\" frameborder=\"0\" marginwidth=\"0\" marginheight=\"0\" scrolling=\"no\" class=\"wp-embedded-content\"><\/iframe><script type=\"text\/javascript\">\n\/* <![CDATA[ *\/\n\/*! This file is auto-generated *\/\n!function(d,l){\"use strict\";l.querySelector&&d.addEventListener&&\"undefined\"!=typeof URL&&(d.wp=d.wp||{},d.wp.receiveEmbedMessage||(d.wp.receiveEmbedMessage=function(e){var t=e.data;if((t||t.secret||t.message||t.value)&&!\/[^a-zA-Z0-9]\/.test(t.secret)){for(var s,r,n,a=l.querySelectorAll('iframe[data-secret=\"'+t.secret+'\"]'),o=l.querySelectorAll('blockquote[data-secret=\"'+t.secret+'\"]'),c=new RegExp(\"^https?:$\",\"i\"),i=0;i<o.length;i++)o[i].style.display=\"none\";for(i=0;i<a.length;i++)s=a[i],e.source===s.contentWindow&&(s.removeAttribute(\"style\"),\"height\"===t.message?(1e3<(r=parseInt(t.value,10))?r=1e3:~~r<200&&(r=200),s.height=r):\"link\"===t.message&&(r=new URL(s.getAttribute(\"src\")),n=new URL(t.value),c.test(n.protocol))&&n.host===r.host&&l.activeElement===s&&(d.top.location.href=t.value))}},d.addEventListener(\"message\",d.wp.receiveEmbedMessage,!1),l.addEventListener(\"DOMContentLoaded\",function(){for(var e,t,s=l.querySelectorAll(\"iframe.wp-embedded-content\"),r=0;r<s.length;r++)(t=(e=s[r]).getAttribute(\"data-secret\"))||(t=Math.random().toString(36).substring(2,12),e.src+=\"#?secret=\"+t,e.setAttribute(\"data-secret\",t)),e.contentWindow.postMessage({message:\"ready\",secret:t},\"*\")},!1)))}(window,document);\n\/* ]]> *\/\n<\/script>\n","thumbnail_url":"http:\/\/www.slovenci-zagreb.hr\/si\/wp-content\/uploads\/sites\/2\/2025\/12\/Bor6.jpg","thumbnail_width":700,"thumbnail_height":700,"description":"V Slovenskem domu Zagreb je v sodelovanju s komisijo za alpinizem pri Hrva\u0161ki planinski zvezi, bil 27. novembra Alpinisti\u010dni \u010detrtek na katerem je svojo alpinisti\u010dno pot ob projekciji navdihujo\u010dih fotografij in video posnetkov predstavil mladi alpinist iz Ljubljane Bor Levi\u010dnik. Eden najbolj obetavnih slovenskih alpinistov nove generacije in predstavnik sodobnega alpinizma, je pri 18-ih letih [&hellip;]"}