{"version":"1.0","provider_name":"Slovenski dom in Svet slovenske nacionalne manj\u0161ine Mesta Zagreb","provider_url":"http:\/\/www.slovenci-zagreb.hr\/si","author_name":"edin.dji","author_url":"http:\/\/www.slovenci-zagreb.hr\/si\/author\/edin-dji\/","title":"Bilten junij 2011 | Slovenski dom in Svet slovenske nacionalne manj\u0161ine Mesta Zagreb","type":"rich","width":600,"height":338,"html":"<blockquote class=\"wp-embedded-content\" data-secret=\"SUs8ukhGSq\"><a href=\"http:\/\/www.slovenci-zagreb.hr\/si\/bilten-junij-2011\/\">Bilten junij 2011<\/a><\/blockquote><iframe sandbox=\"allow-scripts\" security=\"restricted\" src=\"http:\/\/www.slovenci-zagreb.hr\/si\/bilten-junij-2011\/embed\/#?secret=SUs8ukhGSq\" width=\"600\" height=\"338\" title=\"&#8220;Bilten junij 2011&#8221; &#8212; Slovenski dom in Svet slovenske nacionalne manj\u0161ine Mesta Zagreb\" data-secret=\"SUs8ukhGSq\" frameborder=\"0\" marginwidth=\"0\" marginheight=\"0\" scrolling=\"no\" class=\"wp-embedded-content\"><\/iframe><script type=\"text\/javascript\">\n\/* <![CDATA[ *\/\n\/*! This file is auto-generated *\/\n!function(d,l){\"use strict\";l.querySelector&&d.addEventListener&&\"undefined\"!=typeof URL&&(d.wp=d.wp||{},d.wp.receiveEmbedMessage||(d.wp.receiveEmbedMessage=function(e){var t=e.data;if((t||t.secret||t.message||t.value)&&!\/[^a-zA-Z0-9]\/.test(t.secret)){for(var s,r,n,a=l.querySelectorAll('iframe[data-secret=\"'+t.secret+'\"]'),o=l.querySelectorAll('blockquote[data-secret=\"'+t.secret+'\"]'),c=new RegExp(\"^https?:$\",\"i\"),i=0;i<o.length;i++)o[i].style.display=\"none\";for(i=0;i<a.length;i++)s=a[i],e.source===s.contentWindow&&(s.removeAttribute(\"style\"),\"height\"===t.message?(1e3<(r=parseInt(t.value,10))?r=1e3:~~r<200&&(r=200),s.height=r):\"link\"===t.message&&(r=new URL(s.getAttribute(\"src\")),n=new URL(t.value),c.test(n.protocol))&&n.host===r.host&&l.activeElement===s&&(d.top.location.href=t.value))}},d.addEventListener(\"message\",d.wp.receiveEmbedMessage,!1),l.addEventListener(\"DOMContentLoaded\",function(){for(var e,t,s=l.querySelectorAll(\"iframe.wp-embedded-content\"),r=0;r<s.length;r++)(t=(e=s[r]).getAttribute(\"data-secret\"))||(t=Math.random().toString(36).substring(2,12),e.src+=\"#?secret=\"+t,e.setAttribute(\"data-secret\",t)),e.contentWindow.postMessage({message:\"ready\",secret:t},\"*\")},!1)))}(window,document);\n\/* ]]> *\/\n<\/script>\n","description":"Spo\u0161tovani \u010dlani in prijatelji! Zagreb, 6. junij 2011 Pred 20. leti smo se odlo\u010dili o prihodnosti, o tem, da bomo imeli svojo dr\u017eavo. Stoletja dolgo smo \u010dakali na to zgodovinsko odlo\u010ditev. Stoletno dolgo \u010dakanje, se je obrestovalo, Slovenci na Hrva\u0161kem smo dobili obenem kar dve dr\u017eavi. Zgodovinske okoli\u0161\u010dine so hotele, da sta Slovenija in Hrva\u0161ka [&hellip;]"}