{"version":"1.0","provider_name":"Slovenski dom in Svet slovenske nacionalne manj\u0161ine Mesta Zagreb","provider_url":"http:\/\/www.slovenci-zagreb.hr\/si","author_name":"edin.dji","author_url":"http:\/\/www.slovenci-zagreb.hr\/si\/author\/edin-dji\/","title":"Predstavljena knjiga Zgodovina slovenskega alpinizma | Slovenski dom in Svet slovenske nacionalne manj\u0161ine Mesta Zagreb","type":"rich","width":600,"height":338,"html":"<blockquote class=\"wp-embedded-content\" data-secret=\"hN07tLqL7d\"><a href=\"http:\/\/www.slovenci-zagreb.hr\/si\/predstavljena-knjiga-zgodovina-slovenskega-alpinizma\/\">Predstavljena knjiga Zgodovina slovenskega alpinizma<\/a><\/blockquote><iframe sandbox=\"allow-scripts\" security=\"restricted\" src=\"http:\/\/www.slovenci-zagreb.hr\/si\/predstavljena-knjiga-zgodovina-slovenskega-alpinizma\/embed\/#?secret=hN07tLqL7d\" width=\"600\" height=\"338\" title=\"&#8220;Predstavljena knjiga Zgodovina slovenskega alpinizma&#8221; &#8212; Slovenski dom in Svet slovenske nacionalne manj\u0161ine Mesta Zagreb\" data-secret=\"hN07tLqL7d\" frameborder=\"0\" marginwidth=\"0\" marginheight=\"0\" scrolling=\"no\" class=\"wp-embedded-content\"><\/iframe><script type=\"text\/javascript\">\n\/* <![CDATA[ *\/\n\/*! This file is auto-generated *\/\n!function(d,l){\"use strict\";l.querySelector&&d.addEventListener&&\"undefined\"!=typeof URL&&(d.wp=d.wp||{},d.wp.receiveEmbedMessage||(d.wp.receiveEmbedMessage=function(e){var t=e.data;if((t||t.secret||t.message||t.value)&&!\/[^a-zA-Z0-9]\/.test(t.secret)){for(var s,r,n,a=l.querySelectorAll('iframe[data-secret=\"'+t.secret+'\"]'),o=l.querySelectorAll('blockquote[data-secret=\"'+t.secret+'\"]'),c=new RegExp(\"^https?:$\",\"i\"),i=0;i<o.length;i++)o[i].style.display=\"none\";for(i=0;i<a.length;i++)s=a[i],e.source===s.contentWindow&&(s.removeAttribute(\"style\"),\"height\"===t.message?(1e3<(r=parseInt(t.value,10))?r=1e3:~~r<200&&(r=200),s.height=r):\"link\"===t.message&&(r=new URL(s.getAttribute(\"src\")),n=new URL(t.value),c.test(n.protocol))&&n.host===r.host&&l.activeElement===s&&(d.top.location.href=t.value))}},d.addEventListener(\"message\",d.wp.receiveEmbedMessage,!1),l.addEventListener(\"DOMContentLoaded\",function(){for(var e,t,s=l.querySelectorAll(\"iframe.wp-embedded-content\"),r=0;r<s.length;r++)(t=(e=s[r]).getAttribute(\"data-secret\"))||(t=Math.random().toString(36).substring(2,12),e.src+=\"#?secret=\"+t,e.setAttribute(\"data-secret\",t)),e.contentWindow.postMessage({message:\"ready\",secret:t},\"*\")},!1)))}(window,document);\n\/* ]]> *\/\n<\/script>\n","thumbnail_url":"http:\/\/www.slovenci-zagreb.hr\/si\/wp-content\/uploads\/sites\/2\/2014\/04\/zgodovina-slovenskega-alpinizma.jpg","thumbnail_width":500,"thumbnail_height":596,"description":"Zagreb \u2013 Na dobro obiskanem alpinisti\u010dnem \u010detrtku v Slovenskem domu, sta avtorja in zalo\u017enika knjige ter urednika slovenskega plezalnega portala Friko Urban Golob in Peter Mik\u0161a predstavila svojo monografijo, prvo tak\u0161ne vrste, ki kronolo\u0161ko in jedrnato opisuje zgodovino slovenskega alpinizma, ki ima dolgo in bogato tradicijo. Impresivna knjiga na 240 barvnih straneh z ve\u010d kot [&hellip;]"}