{"version":"1.0","provider_name":"Slovenski dom in Svet slovenske nacionalne manj\u0161ine Mesta Zagreb","provider_url":"https:\/\/www.slovenci-zagreb.hr\/si","author_name":"agata","author_url":"https:\/\/www.slovenci-zagreb.hr\/si\/author\/agata\/","title":"Ale\u0161 \u010cesen na Alpinisti\u010dnem \u010detrtku | Slovenski dom in Svet slovenske nacionalne manj\u0161ine Mesta Zagreb","type":"rich","width":600,"height":338,"html":"<blockquote class=\"wp-embedded-content\" data-secret=\"t3qmSxFgxm\"><a href=\"https:\/\/www.slovenci-zagreb.hr\/si\/ales-cesen-na-alpinisticnem-cetrtku\/\">Ale\u0161 \u010cesen na Alpinisti\u010dnem \u010detrtku<\/a><\/blockquote><iframe sandbox=\"allow-scripts\" security=\"restricted\" src=\"https:\/\/www.slovenci-zagreb.hr\/si\/ales-cesen-na-alpinisticnem-cetrtku\/embed\/#?secret=t3qmSxFgxm\" width=\"600\" height=\"338\" title=\"&#8220;Ale\u0161 \u010cesen na Alpinisti\u010dnem \u010detrtku&#8221; &#8212; Slovenski dom in Svet slovenske nacionalne manj\u0161ine Mesta Zagreb\" data-secret=\"t3qmSxFgxm\" frameborder=\"0\" marginwidth=\"0\" marginheight=\"0\" scrolling=\"no\" class=\"wp-embedded-content\"><\/iframe><script type=\"text\/javascript\">\n\/* <![CDATA[ *\/\n\/*! This file is auto-generated *\/\n!function(d,l){\"use strict\";l.querySelector&&d.addEventListener&&\"undefined\"!=typeof URL&&(d.wp=d.wp||{},d.wp.receiveEmbedMessage||(d.wp.receiveEmbedMessage=function(e){var t=e.data;if((t||t.secret||t.message||t.value)&&!\/[^a-zA-Z0-9]\/.test(t.secret)){for(var s,r,n,a=l.querySelectorAll('iframe[data-secret=\"'+t.secret+'\"]'),o=l.querySelectorAll('blockquote[data-secret=\"'+t.secret+'\"]'),c=new RegExp(\"^https?:$\",\"i\"),i=0;i<o.length;i++)o[i].style.display=\"none\";for(i=0;i<a.length;i++)s=a[i],e.source===s.contentWindow&&(s.removeAttribute(\"style\"),\"height\"===t.message?(1e3<(r=parseInt(t.value,10))?r=1e3:~~r<200&&(r=200),s.height=r):\"link\"===t.message&&(r=new URL(s.getAttribute(\"src\")),n=new URL(t.value),c.test(n.protocol))&&n.host===r.host&&l.activeElement===s&&(d.top.location.href=t.value))}},d.addEventListener(\"message\",d.wp.receiveEmbedMessage,!1),l.addEventListener(\"DOMContentLoaded\",function(){for(var e,t,s=l.querySelectorAll(\"iframe.wp-embedded-content\"),r=0;r<s.length;r++)(t=(e=s[r]).getAttribute(\"data-secret\"))||(t=Math.random().toString(36).substring(2,12),e.src+=\"#?secret=\"+t,e.setAttribute(\"data-secret\",t)),e.contentWindow.postMessage({message:\"ready\",secret:t},\"*\")},!1)))}(window,document);\n\/* ]]> *\/\n<\/script>\n","thumbnail_url":"https:\/\/www.slovenci-zagreb.hr\/si\/wp-content\/uploads\/sites\/2\/2019\/12\/Ales-Cesen_NASLOVNICA.jpg","thumbnail_width":200,"thumbnail_height":133,"description":"Zagreb &#8211;\u00a0Na Alpinisti\u010dnem \u010detrtku v Slovenskem domu je gostoval alpinist in gorski vodnik Ale\u0161 \u010cesen iz Kranja. Tema zanimivega predavanja, ki so ga popestrile \u010dudovite fotografije in video posnetki, je bil lanskoletni vzpon na Latok I, za katerega je \u010cesen z Lukom Stra\u017earjem in Tomom Livingstonom osvojil nagrado Zlati cepin (francosko Piolet d&#8217;Or), ki velja [&hellip;]"}